{"id":220,"date":"2025-11-21T19:22:24","date_gmt":"2025-11-21T19:22:24","guid":{"rendered":"https:\/\/upperweb.com.br\/agropro\/?page_id=220"},"modified":"2025-11-24T07:33:34","modified_gmt":"2025-11-24T07:33:34","slug":"inteligencia-agromica","status":"publish","type":"page","link":"https:\/\/upperweb.com.br\/agropro\/inteligencia-agromica\/","title":{"rendered":"inteligencia-agromica"},"content":{"rendered":"\t\t<div data-elementor-type=\"wp-page\" data-elementor-id=\"220\" class=\"elementor elementor-220\" data-elementor-settings=\"{&quot;ha_cmc_init_switcher&quot;:&quot;no&quot;}\" data-elementor-post-type=\"page\">\n\t\t\t\t<div class=\"elementor-element elementor-element-fc365f0 e-flex e-con-boxed e-con e-parent\" data-id=\"fc365f0\" data-element_type=\"container\" data-settings=\"{&quot;background_background&quot;:&quot;classic&quot;,&quot;_ha_eqh_enable&quot;:false}\">\n\t\t\t\t\t<div class=\"e-con-inner\">\n\t\t\t\t<div class=\"elementor-element elementor-element-327fda0 animated-slow elementor-invisible elementor-widget elementor-widget-text-editor\" data-id=\"327fda0\" data-element_type=\"widget\" data-settings=\"{&quot;_animation&quot;:&quot;fadeIn&quot;}\" data-widget_type=\"text-editor.default\">\n\t\t\t\t\t\t\t\t\t<p>Uma intelig\u00eancia agron\u00f4mica \u00fanica para cada cultura<\/p>\t\t\t\t\t\t\t\t<\/div>\n\t\t\t\t<div class=\"elementor-element elementor-element-ba69d5f animated-slow elementor-invisible elementor-widget elementor-widget-text-editor\" data-id=\"ba69d5f\" data-element_type=\"widget\" data-settings=\"{&quot;_animation&quot;:&quot;fadeInUp&quot;}\" data-widget_type=\"text-editor.default\">\n\t\t\t\t\t\t\t\t\t<p>Sabemos para onde olhar e o que \u00e9 importante avaliar<\/p>\t\t\t\t\t\t\t\t<\/div>\n\t\t\t\t\t<\/div>\n\t\t\t\t<\/div>\n\t\t<div class=\"elementor-element elementor-element-4a5c46b e-flex e-con-boxed e-con e-parent\" data-id=\"4a5c46b\" data-element_type=\"container\" data-settings=\"{&quot;_ha_eqh_enable&quot;:false}\">\n\t\t\t\t\t<div class=\"e-con-inner\">\n\t\t\t\t<div class=\"elementor-element elementor-element-64bebc3 animated-slow elementor-invisible elementor-widget elementor-widget-text-editor\" data-id=\"64bebc3\" data-element_type=\"widget\" data-settings=\"{&quot;_animation&quot;:&quot;fadeInUp&quot;}\" data-widget_type=\"text-editor.default\">\n\t\t\t\t\t\t\t\t\t<p>A plataforma AgroPro Monitor baseia-se no Manejo Integrado de Pragas (MIP), fortalecendo os meios de controle n\u00e3o qu\u00edmicos, essenciais no manejo de pragas e doen\u00e7as. O uso racional de defensivos agr\u00edcolas causa menores impactos ao meio ambiente e menor efeito residual nos alimentos, al\u00e9m de permitir a a\u00e7\u00e3o da natureza no equil\u00edbrio das popula\u00e7\u00f5es de pragas.<\/p><p>O Monitor possibilita a antecipa\u00e7\u00e3o \u00e0 problemas fitossanit\u00e1rios e adapta\u00e7\u00e3o \u00e0 realidade agron\u00f4mica da \u00e1rea, permitindo decis\u00f5es baseadas em levantamentos cient\u00edficos das popula\u00e7\u00f5es de insetos, \u00e1caros e doen\u00e7as aliado ao valor da produ\u00e7\u00e3o da \u00e1rea e do custo de eventuais tratamentos.<\/p><p>Com uma intelig\u00eancia agron\u00f4mica \u00fanica, desenvolvida ao longo de 30 anos de pesquisas cient\u00edficas e pr\u00e1tica em lavouras de todo Brasil, o AgroPro Monitor conta com metodologias espec\u00edficas na avalia\u00e7\u00e3o dos problemas em campo, n\u00edveis de a\u00e7\u00e3o e criticidade exclusivos na interpreta\u00e7\u00e3o dos dados coletados para cada cultura, fornecendo resultados precisos para tomada de decis\u00e3o no uso racional de defensivos e emprego de biodefensivos.<\/p>\t\t\t\t\t\t\t\t<\/div>\n\t\t\t\t<div class=\"elementor-element elementor-element-0c97c09 animated-slow elementor-invisible elementor-widget elementor-widget-text-editor\" data-id=\"0c97c09\" data-element_type=\"widget\" data-settings=\"{&quot;_animation&quot;:&quot;fadeIn&quot;}\" data-widget_type=\"text-editor.default\">\n\t\t\t\t\t\t\t\t\t<p>Solu\u00e7\u00e3o comprovada<\/p>\t\t\t\t\t\t\t\t<\/div>\n\t\t\t\t<div class=\"elementor-element elementor-element-e7f4125 animated-slow elementor-invisible elementor-widget elementor-widget-be-timeline\" data-id=\"e7f4125\" data-element_type=\"widget\" data-settings=\"{&quot;_animation&quot;:&quot;fadeIn&quot;}\" data-widget_type=\"be-timeline.default\">\n\t\t\t\t<div class=\"elementor-widget-container\">\n\t\t\t\t\t<ul class=\"be-pack timeline\">\t\t\t<li class=\"timeline-right\">\n\t\t\t \n\t\t\t<div class=\"tl-circ\"><\/div>\n\t\t\t  <div class=\"timeline-panel\">\n\t\t\t\t<div class=\"tl-heading\">\n\t\t\t\t\t<div class=\"tl-content\">\n\t\t\t\t\t\t\t\t\t\t\t\t<div class=\"be-desc\">\n\t\t\t\t\t\t<h2 class=\"be-title\">Concep\u00e7\u00e3o da ideia<\/h2>\t\t\t\t\t\t<div class=\"be-content\">\n\t\t\t\t\t\t\t<p>Mar\u00e7o 1987<\/p> \n\t\t\t\t\t\t<\/div>\n\t\t\t\t\t\t<\/div>\n\t\t\t\t\t<\/div>\n\t\t\t\t<\/div>\n\t\t\t  <\/div>\n\t\t\t<\/li>\n\t\t\t\t\t\t\t<li class=\"timeline-inverted\">\n\t\t\t \n\t\t\t<div class=\"tl-circ\"><\/div>\n\t\t\t  <div class=\"timeline-panel\">\n\t\t\t\t<div class=\"tl-heading\">\n\t\t\t\t\t<div class=\"tl-content\">\n\t\t\t\t\t\t\t\t\t\t\t\t<div class=\"be-desc\">\n\t\t\t\t\t\t<h2 class=\"be-title\">Primeira vers\u00e3o papel e excel (600 ha repolho)<\/h2>\t\t\t\t\t\t<div class=\"be-content\">\n\t\t\t\t\t\t\t<p>Fevereiro 2000<\/p> \n\t\t\t\t\t\t<\/div>\n\t\t\t\t\t\t<\/div>\n\t\t\t\t\t<\/div>\n\t\t\t\t<\/div>\n\t\t\t  <\/div>\n\t\t\t<\/li>\n\t\t\t\t\t\t<li class=\"timeline-right\">\n\t\t\t \n\t\t\t<div class=\"tl-circ\"><\/div>\n\t\t\t  <div class=\"timeline-panel\">\n\t\t\t\t<div class=\"tl-heading\">\n\t\t\t\t\t<div class=\"tl-content\">\n\t\t\t\t\t\t\t\t\t\t\t\t<div class=\"be-desc\">\n\t\t\t\t\t\t<h2 class=\"be-title\">Segunda vers\u00e3o papel e excel (600 ha tomate)<\/h2>\t\t\t\t\t\t<div class=\"be-content\">\n\t\t\t\t\t\t\t<p>Setembro 2002<\/p> \n\t\t\t\t\t\t<\/div>\n\t\t\t\t\t\t<\/div>\n\t\t\t\t\t<\/div>\n\t\t\t\t<\/div>\n\t\t\t  <\/div>\n\t\t\t<\/li>\n\t\t\t\t\t\t\t<li class=\"timeline-inverted\">\n\t\t\t \n\t\t\t<div class=\"tl-circ\"><\/div>\n\t\t\t  <div class=\"timeline-panel\">\n\t\t\t\t<div class=\"tl-heading\">\n\t\t\t\t\t<div class=\"tl-content\">\n\t\t\t\t\t\t\t\t\t\t\t\t<div class=\"be-desc\">\n\t\t\t\t\t\t<h2 class=\"be-title\"> Terceira vers\u00e3o papel e excel, e Palmtop (4 mil ha gr\u00e3os e hortali\u00e7as)<\/h2>\t\t\t\t\t\t<div class=\"be-content\">\n\t\t\t\t\t\t\t<p>Fevereiro 2003<\/p> \n\t\t\t\t\t\t<\/div>\n\t\t\t\t\t\t<\/div>\n\t\t\t\t\t<\/div>\n\t\t\t\t<\/div>\n\t\t\t  <\/div>\n\t\t\t<\/li>\n\t\t\t\t\t\t<li class=\"timeline-right\">\n\t\t\t \n\t\t\t<div class=\"tl-circ\"><\/div>\n\t\t\t  <div class=\"timeline-panel\">\n\t\t\t\t<div class=\"tl-heading\">\n\t\t\t\t\t<div class=\"tl-content\">\n\t\t\t\t\t\t\t\t\t\t\t\t<div class=\"be-desc\">\n\t\t\t\t\t\t<h2 class=\"be-title\">Quarta vers\u00e3o e primeira vers\u00e3o Java (40 mil ha)<\/h2>\t\t\t\t\t\t<div class=\"be-content\">\n\t\t\t\t\t\t\t<p>Agosto 2012<\/p> \n\t\t\t\t\t\t<\/div>\n\t\t\t\t\t\t<\/div>\n\t\t\t\t\t<\/div>\n\t\t\t\t<\/div>\n\t\t\t  <\/div>\n\t\t\t<\/li>\n\t\t\t\t\t\t\t<li class=\"timeline-inverted\">\n\t\t\t \n\t\t\t<div class=\"tl-circ\"><\/div>\n\t\t\t  <div class=\"timeline-panel\">\n\t\t\t\t<div class=\"tl-heading\">\n\t\t\t\t\t<div class=\"tl-content\">\n\t\t\t\t\t\t\t\t\t\t\t\t<div class=\"be-desc\">\n\t\t\t\t\t\t<h2 class=\"be-title\">Segunda vers\u00e3o Java (50 mil ha)<\/h2>\t\t\t\t\t\t<div class=\"be-content\">\n\t\t\t\t\t\t\t<p>Agosto 2013<\/p> \n\t\t\t\t\t\t<\/div>\n\t\t\t\t\t\t<\/div>\n\t\t\t\t\t<\/div>\n\t\t\t\t<\/div>\n\t\t\t  <\/div>\n\t\t\t<\/li>\n\t\t\t\t\t\t<li class=\"timeline-right\">\n\t\t\t \n\t\t\t<div class=\"tl-circ\"><\/div>\n\t\t\t  <div class=\"timeline-panel\">\n\t\t\t\t<div class=\"tl-heading\">\n\t\t\t\t\t<div class=\"tl-content\">\n\t\t\t\t\t\t\t\t\t\t\t\t<div class=\"be-desc\">\n\t\t\t\t\t\t<h2 class=\"be-title\">M\u00f3dulos de outras culturas<\/h2>\t\t\t\t\t\t<div class=\"be-content\">\n\t\t\t\t\t\t\t<p>Agosto 2014<\/p> \n\t\t\t\t\t\t<\/div>\n\t\t\t\t\t\t<\/div>\n\t\t\t\t\t<\/div>\n\t\t\t\t<\/div>\n\t\t\t  <\/div>\n\t\t\t<\/li>\n\t\t\t\t\t\t\t<li class=\"timeline-inverted\">\n\t\t\t \n\t\t\t<div class=\"tl-circ\"><\/div>\n\t\t\t  <div class=\"timeline-panel\">\n\t\t\t\t<div class=\"tl-heading\">\n\t\t\t\t\t<div class=\"tl-content\">\n\t\t\t\t\t\t<div class=\"timeline_pic pull-left\"><img decoding=\"async\" width=\"300\" height=\"62\" src=\"https:\/\/upperweb.com.br\/agropro\/wp-content\/uploads\/2025\/11\/logos_agropro_color-300x62.png\" class=\"be-image\" \/><\/div>\t\t\t\t\t\t<div class=\"be-desc\">\n\t\t\t\t\t\t<h2 class=\"be-title\">60 mil ha por todo Brasil<\/h2>\t\t\t\t\t\t<div class=\"be-content\">\n\t\t\t\t\t\t\t<p>Outubro 2017<\/p> \n\t\t\t\t\t\t<\/div>\n\t\t\t\t\t\t<\/div>\n\t\t\t\t\t<\/div>\n\t\t\t\t<\/div>\n\t\t\t  <\/div>\n\t\t\t<\/li>\n\t\t\t \n      <\/ul>\n\n\t\t\t\t\t<\/div>\n\t\t\t\t<\/div>\n\t\t\t\t\t<\/div>\n\t\t\t\t<\/div>\n\t\t\t\t<\/div>\n\t\t","protected":false},"excerpt":{"rendered":"<p>Uma intelig\u00eancia agron\u00f4mica \u00fanica para cada cultura Sabemos para onde olhar e o que \u00e9 importante avaliar A plataforma AgroPro Monitor baseia-se no Manejo Integrado de Pragas (MIP), fortalecendo os meios de controle n\u00e3o qu\u00edmicos, essenciais no manejo de pragas e doen\u00e7as. O uso racional de defensivos agr\u00edcolas causa menores impactos ao meio ambiente e [&hellip;]<\/p>\n","protected":false},"author":1,"featured_media":0,"parent":0,"menu_order":0,"comment_status":"closed","ping_status":"closed","template":"","meta":{"footnotes":""},"class_list":["post-220","page","type-page","status-publish","hentry"],"_links":{"self":[{"href":"https:\/\/upperweb.com.br\/agropro\/wp-json\/wp\/v2\/pages\/220","targetHints":{"allow":["GET"]}}],"collection":[{"href":"https:\/\/upperweb.com.br\/agropro\/wp-json\/wp\/v2\/pages"}],"about":[{"href":"https:\/\/upperweb.com.br\/agropro\/wp-json\/wp\/v2\/types\/page"}],"author":[{"embeddable":true,"href":"https:\/\/upperweb.com.br\/agropro\/wp-json\/wp\/v2\/users\/1"}],"replies":[{"embeddable":true,"href":"https:\/\/upperweb.com.br\/agropro\/wp-json\/wp\/v2\/comments?post=220"}],"version-history":[{"count":19,"href":"https:\/\/upperweb.com.br\/agropro\/wp-json\/wp\/v2\/pages\/220\/revisions"}],"predecessor-version":[{"id":363,"href":"https:\/\/upperweb.com.br\/agropro\/wp-json\/wp\/v2\/pages\/220\/revisions\/363"}],"wp:attachment":[{"href":"https:\/\/upperweb.com.br\/agropro\/wp-json\/wp\/v2\/media?parent=220"}],"curies":[{"name":"wp","href":"https:\/\/api.w.org\/{rel}","templated":true}]}}